{"id":578,"date":"2020-06-16T20:42:54","date_gmt":"2020-06-16T18:42:54","guid":{"rendered":"https:\/\/mvh-h.de\/?page_id=578"},"modified":"2020-08-28T15:54:03","modified_gmt":"2020-08-28T13:54:03","slug":"chronik","status":"publish","type":"page","link":"https:\/\/mv-hoerdt.de\/?page_id=578","title":{"rendered":"Chronik"},"content":{"rendered":"\n<p><\/p>\n\n\n\n<div class=\"wp-block-media-text alignwide is-stacked-on-mobile\" style=\"grid-template-columns:31% auto\"><figure class=\"wp-block-media-text__media\"><a href=\"https:\/\/mv-hoerdt.de\/wp-content\/uploads\/2020\/08\/MVH2014-125JahreMK.pdf\" target=\"_blank\" rel=\"noopener noreferrer\"><img loading=\"lazy\" decoding=\"async\" width=\"1024\" height=\"1014\" src=\"https:\/\/mv-hoerdt.de\/wp-content\/uploads\/2020\/08\/TitelseiteFestschriftKlein-1024x1014.png\" alt=\"\" class=\"wp-image-1111\" srcset=\"https:\/\/mv-hoerdt.de\/wp-content\/uploads\/2020\/08\/TitelseiteFestschriftKlein-1024x1014.png 1024w, https:\/\/mv-hoerdt.de\/wp-content\/uploads\/2020\/08\/TitelseiteFestschriftKlein-300x297.png 300w, https:\/\/mv-hoerdt.de\/wp-content\/uploads\/2020\/08\/TitelseiteFestschriftKlein-768x761.png 768w, https:\/\/mv-hoerdt.de\/wp-content\/uploads\/2020\/08\/TitelseiteFestschriftKlein-100x100.png 100w, https:\/\/mv-hoerdt.de\/wp-content\/uploads\/2020\/08\/TitelseiteFestschriftKlein.png 1051w\" sizes=\"auto, (max-width: 767px) 89vw, (max-width: 1000px) 54vw, (max-width: 1071px) 543px, 580px\" \/><\/a><\/figure><div class=\"wp-block-media-text__content\">\n<p class=\"has-medium-font-size\"><a href=\"https:\/\/mv-hoerdt.de\/wp-content\/uploads\/2020\/08\/MVH2014-125JahreMK.pdf\" target=\"_blank\" rel=\"noopener noreferrer\">Festschrift 2014 \u2013 125 Jahre Musikkapelle<\/a><\/p>\n<\/div><\/div>\n\n\n\n<div style=\"height:20px\" aria-hidden=\"true\" class=\"wp-block-spacer\"><\/div>\n\n\n\n<hr class=\"wp-block-separator\"\/>\n\n\n\n<h2 class=\"wp-block-heading\">Unsere Chronik in Stichworten<\/h2>\n\n\n\n<figure class=\"wp-block-table\"><table><tbody><tr><td><font face=\"Arial\">2020<\/font><\/td><td><strong>Juni:<\/strong> Die Probearbeit des Orchesters, der JuKa und der Sch\u00fcKa wird \u201eOpen-Air\u201c mit Hygieneregeln wieder aufgenommen<br><br><strong>M\u00e4rz:<\/strong> Beginn einer Zwangspause bei s\u00e4mtlichen Vereinsaktivit\u00e4ten aufgrund der Corona-Pandemie; Muttertagskonzert und Augustinerfest m\u00fcssen abgesagt werden<\/td><\/tr><tr><td><font face=\"Arial\">2019<\/font><\/td><td><strong>Dezember:<\/strong> Erster musikalischer Adventskalender des MVH in Verbindung mit der Einrichtung eines Youtube-Kanals<br><br><strong>Dezember: <\/strong>Gemeinsames Weihnachtskonzert mit dem Kirchenchor, HHC und dem Kinderchor R\u00fclzheim in der vollbesetzten Pfarrkirche St. Georg<br><br><strong>Mai\/Juni: <\/strong>Mehrtagesfahrt zur Teilnahme am 6. Deutschen Musikfest in Osnabr\u00fcck<br><br><strong>Mai: <\/strong>Muttertagskonzert unter dem Motto \u201eJubilare\u201c, besonderes Werk: <br>Das Blasorchester-Epos \u201eHamburg \u2013 das Tor zur Welt\u201c von Guido Rennert<\/td><\/tr><tr><td><font face=\"Arial\">2018<\/font><\/td><td><strong>Mai: <\/strong>Muttertagskonzert mit dem Motto \u201eGrenzenlos\u201c, Urauff\u00fchrung des Erstlingswerks \u201eDreamland\u201c von Jonas Schira <\/td><\/tr><tr><td><font face=\"Arial\">2017<\/font><\/td><td><strong>Mai: <\/strong>Muttertagskonzert unter dem Motto \u201eKlassiker\u201c, besondere H\u00f6hepunkte des Programms bildeten Alfred Reeds El Camino Real, die First Suite von Gustav Holst sowie Bernsteins Candide-Ouvert\u00fcre<\/td><\/tr><tr><td><font face=\"Arial\">2016<\/font><\/td><td><strong>Mai:<\/strong> Muttertagskonzert unter dem Leitgedanken \u201eH\u00f6hen und Tiefen\u201c, Hauptwerk sind die Armenischen T\u00e4nze (Part I) von Alfred Reed<\/td><\/tr><tr><td><font face=\"Arial\">2015<\/font><\/td><td><strong>November: <\/strong>Lara Fischer wird Dirigentin der Jugendkapelle<br><br><strong>Mai: <\/strong>Beim Wertungsspiel im Rahmen des Landesmusikfestes Baden-W\u00fcrttemberg in Karlsruhe erspielt das Orchester unter der Leitung von Matthias Wolf in der Kategorie 4 das bestm\u00f6gliche Pr\u00e4dikat \u201ehervorragend\u201c<br><br><strong>Mai: <\/strong>Muttertagskonzert \u201eAuf Reisen\u2026\u201c mit den Kentish Dances von Philip Sparke und Musical-Melodien aus dem Phantom der Oper von Andrew Lloyd Webber im Arrangement von Johan de Meij<br><br><strong>Mai:<\/strong> Patricia Becker aus Ottersheim \u00fcbernimmt die Leitung der Jugendkapelle<\/td><\/tr><tr><td><font face=\"Arial\">2014<\/font><\/td><td><strong>Juni:<\/strong> Der MVH ist im Rahmen des 125 j\u00e4hrigen Bestehens der Musikkapelle Ausrichter eines 4-t\u00e4gigen Verbandsmusikfestes auf dem Kerweplatz in H\u00f6rdt<br><br><strong>Mai: <\/strong>Muttertagskonzert unter dem Motto \u201eFremde Welten\u201c, musikalische H\u00f6hepunkte: Ouvert\u00fcre zu \u201eLa Gazza Ladra\u201c von Rossini, Godzilla eats Las Vegas (Eric Whitacre) sowie die Filmmusik zur Star Wars-Trilogie von John Williams<\/td><\/tr><tr><td><font face=\"Arial\">2013<\/font><\/td><td><strong>Mai: <\/strong>Erstes Muttertagskonzert unter der Leitung von Matthias Wolf mit dem Leitgedanken \u201eVertraute T\u00f6ne \u2013 fremde Kl\u00e4nge\u201c und der Urauff\u00fchrung des Marsches \u201eAurora\u201c komponiert von unserem aktiven Musiker und Jugenddirigenten Adrian R\u00fcdiger<\/td><\/tr><tr><td><font face=\"Arial\">2012<\/font><\/td><td><strong>M\u00e4rz: <\/strong>Matthias Wolf aus Leimersheim wird Dirigent des Orchesters der MVH; <br>das j\u00e4hrliche Muttertagskonzert im Mai f\u00e4llt aufgrund des Dirigentenwechsels aus<\/td><\/tr><tr><td><font face=\"Arial\">2011<\/font><\/td><td><strong>August:<\/strong> Adrian R\u00fcdiger wird Dirigent der Jugendkapelle<br><br><strong>Juni: <\/strong>Die Bl\u00e4serjugend des Musikvereins feiert ihr 25-j\u00e4hriges Bestehen mit einem Kinder- und Jugendmusiktag in der Turn- und Festhalle<\/td><\/tr><tr><td><font face=\"Arial\">2010<\/font><\/td><td><strong>Mai: <\/strong>Das Blasorchester des MVH erspielt mit seinem Dirigenten Volker Funke beim Wertungsspiel im Rahmend der 7. Karlsruher Blasmusiktage in der Oberstufe das Pr\u00e4dikat \u201emit sehr gutem Erfolg teilgenommen\u201c<br><br><strong>Mai: <\/strong>Beim Muttertagskonzert wird das Werk \u201eCrusaders\u201c (Kreuzfahrer) im Beisein des aus S\u00fcdafrika stammenden jungen Komponisten Andrew Noah Cap uraufgef\u00fchrt<\/td><\/tr><tr><td><font face=\"Arial\">2009<\/font><\/td><td><strong>Juli: <\/strong>Jubil\u00e4umsfeier zum 120-j\u00e4hrigen Bestehen der Musikkapelle auf dem Schulhof<\/td><\/tr><tr><td><font face=\"Arial\">2008<\/font><\/td><td><strong>Juli: <\/strong>Tobias Verlohner \u00fcbernimmt die Leitung der Jugendkapelle<br>Februar: Volker Funke wird Dirigent des Orchesters des MVH<\/td><\/tr><tr><td><font face=\"Arial\">2007<\/font><\/td><td><strong>Dezember:<\/strong> Weihnachtskonzert mit dem MGV Liederkranz in der Pfarrkirche \u201eSt. Georg\u201c, gleichzeitig Abschiedskonzert unseres Dirigenten Stefan Grefig<\/td><\/tr><tr><td><font face=\"Arial\">2006<\/font><\/td><td><strong>Mai:<\/strong> Beim Wertungsspiel im Rahmen des Landesmusikfestes Baden-W\u00fcrttemberg in Villingen-Schwenningen wird unter Stefan Grefig in der Oberstufe das bestm\u00f6gliche Pr\u00e4dikat \u201emit hervorragendem Erfolg\u201c erspielt<br><br><strong>Mai: <\/strong>Jonas Schira \u00fcbernimmt die Leitung der Jugendkapelle<\/td><\/tr><tr><td><font face=\"Arial\">2003<\/font><\/td><td><strong>Juni: <\/strong>4-t\u00e4gige Feier des 50. Geburtstags des Musikvereins mit Kreismusikfest auf dem Festplatz beim Sch\u00fctzenhaus<\/td><\/tr><tr><td><font face=\"Arial\">1999<\/font><\/td><td><strong>November:<\/strong> Tobias Verlohner \u00fcbernimmt die Leitung der Jugendkapelle<br><br><strong>Mai: <\/strong>Jubil\u00e4umskonzert und -feier zum 110-j\u00e4hrigen Bestehen der Musikkapelle<\/td><\/tr><tr><td><font face=\"Arial\">1998<\/font><\/td><td>Mai: Stefan Grefig \u00fcbernimmt die musikalische Leitung des Vereinsorchesters<\/td><\/tr><tr><td><font face=\"Arial\">1997<\/font><\/td><td><strong>Mai:<\/strong> Oskar H\u00e4nlein begeht sein 40-j\u00e4hriges Dirigentenjubil\u00e4um, <br>Ethelbert Fischer wird f\u00fcr 60 Jahre aktives Musizieren geehrt<br><br>Die Bl\u00e4serjugend veranstaltet ihren zweiten Kinder- und Jugend-Musiktag mit Beteiligung von zw\u00f6lf Jugend-Musikgruppen<\/td><\/tr><tr><td><font face=\"Arial\">1995<\/font><\/td><td><strong>September:<\/strong> Die Bl\u00e4serjugend feiert das 10-j\u00e4hrige Bestehen der Jugendkapelle mit einem ersten Kinder- und Jugend-Musiktag auf dem Schulhof, 13 Jugend-Musikgruppen beteiligen sich<br><br>Beim Wertungsspiel des Bundesmusikfestes in M\u00fcnster\/ Westfahlen erreicht das Orchester unter Oskar H\u00e4nlein in der Oberstufe das bestm\u00f6gliche Pr\u00e4dikat \u201eAusgezeichnet\u201c<br><br><strong>Januar: <\/strong>Stefan Grefig wird Dirigent der Jugendkapelle<\/td><\/tr><tr><td><font face=\"Arial\">1994<\/font><\/td><td><font face=\"Arial\">Gr\u00fcndung der Sch\u00fclerkapelle (SK) als Vorstufe zur Jugendkapelle,  erster Dirigent dieser Gruppe wird Stefan Grefig<\/font><\/td><\/tr><tr><td><font face=\"Arial\">1993<\/font><\/td><td><strong>Juni: <\/strong>2-t\u00e4gige Feier zum 40-j\u00e4hrigen Vereinsjubil\u00e4um<\/td><\/tr><tr><td><font face=\"Arial\">1992<\/font><\/td><td><strong>Dezember: <\/strong>Die Bl\u00e4serjugend wird vom Kreis als Tr\u00e4ger der freien Jugendarbeit anerkannt<br><br><strong>Juni: <\/strong>Die Jugendkapelle unter J\u00fcrgen Leicht veranstaltet ihr erstes eigenes Konzert als Matinee im Pfarrzentrum<br>Der Musikverein bietet erstmals Musikalische Fr\u00fcherziehung mit Schwerpunkt Blockfl\u00f6te an<\/td><\/tr><tr><td><font face=\"Arial\">1991<\/font><\/td><td><strong>Dezember: <\/strong>Oskar H\u00e4nlein initiiert eine \u201eAlpenl\u00e4ndische Advents- und Weihnachtsmusik\u201c in der Pfarrkirche St. Georg H\u00f6rdt (j\u00e4hrliche Durchf\u00fchrung bis ins Jahr 2004)<br><br>Die Bl\u00e4serjugend f\u00fchrt ihr erstes Freizeitwochenende in der Pf\u00e4lzerwaldh\u00fctte \u201eDicke Eiche&#8220; bei Hauenstein mit 28 Kindern und Jugendlichen durch<\/td><\/tr><tr><td><font face=\"Arial\">1990<\/font><\/td><td><strong>August:<\/strong> J\u00fcrgen Leicht aus W\u00f6rth wird neuer Jugendkapellendirigent<\/td><\/tr><tr><td><font face=\"Arial\">1989<\/font><\/td><td><strong>August: <\/strong>100-j\u00e4hriges Bestehen der Musikkapelle und Ausrichtung des Kreismusikfestes mit \u00dcberreichung der auf Bundesebene verliehenen PRO-MUSICA-PLAKETTE<br><br>Die Jugendkapelle veranstaltet ein Gemeinschaftskonzert mit dem Jozef-Pauly-Ensemble aus der Partnergemeinde Stabroek (Belgien)<\/td><\/tr><tr><td><font face=\"Arial\">1988<\/font><\/td><td>Das erste M\u00e4dchen beginnt ihre Ausbildung in der Bl\u00e4serjugend: Sabine Doll<br>Januar: Ralf H\u00e4nlein wird Dirigent der Jugendkapelle<\/td><\/tr><tr><td><font face=\"Arial\">1987<\/font><\/td><td><strong>Mai: <\/strong>erster Konzertauftritt der Jugendkapelle beim Muttertagskonzert<br>Fahrt zum Jugendkapellentreffen nach Karlsruhe<\/td><\/tr><tr><td><font face=\"Arial\">1986<\/font><\/td><td><strong>17. September: <\/strong>Gr\u00fcndung der \u201eBl\u00e4serjugend\u201c (BJ) H\u00f6rdt als im Musikverein eingebundene Institution mit eigener Jugendordnung und eigenem Jugendausschuss nach dem Beispiel der Bl\u00e4serjugend im Bund Deutscher Blasmusikverb\u00e4nde; erster Jugendleiter mit Sitz und Stimmrecht in der Vereinsvorstandschaft: Ulrich B\u00fcgel<br><br>Erstmals erwerben sechs Musiker das JMLA in Silber; seither erwarben nahezu alle Instrumentalsch\u00fcler im MV H\u00f6rdt das JMLA Bronze, viele davon auch das JMLA Silber, mehrere das JMLA in Gold oder die Qualifikationen C1 (Satzf\u00fchrer), C2 (Ausbilder), <br>C3 (Dirigent)<\/td><\/tr><tr><td><font face=\"Arial\">1985<\/font><\/td><td><font face=\"Arial\">Gr\u00fcndung der Jugendkapelle (JK\/ JuKa) H\u00f6rdt<\/font><\/td><\/tr><tr><td><font face=\"Arial\">1984<\/font><\/td><td><strong>Dezember:<\/strong> erster Jugendvorspieltag als Adventsnachmittag im Vereinsheim; seither j\u00e4hrlich Durchf\u00fchrung an wechselnden Orten<br><br>Jugendarbeit: erstmals erwerben sechs Musiker das Jungmusikerleistungsabzeichen (JMLA) in Bronze<br><br><strong>Pfingsten:<\/strong> Erstes Augustinerfest auf dem Anwesen von Artur Fischer und G\u00fcnter Ziehl (Durchf\u00fchrung in der Regel im 2-j\u00e4hrigen Rhythmus, zwischenzeitlich Ortswechsel in den Gemeindehof)<\/td><\/tr><tr><td><font face=\"Arial\">1983<\/font><\/td><td><strong>November: <\/strong>J\u00f6rg Schlo\u00df aus Jockgrim wird neuer Jugenddirigent<br><br><strong>Juli: <\/strong>3-t\u00e4giges Fest zum 30-j\u00e4hrigen Bestehen des Musikvereins<br>Jugendarbeit: Organisierte Jungmusiker-Ausbildung erfolgt im Verein und beim Blasmusiklehrgang in Jockgrim<br><br>Unter der Leitung des Dirigenten Oskar H\u00e4nlein finden erste gemeinsame Proben der Jungbl\u00e4ser statt<\/td><\/tr><tr><td><font face=\"Arial\">1982<\/font><\/td><td><font face=\"Arial\">Erste gezielte Jugendarbeit unter Regie des 2. Vorsitzenden Peter Doll<\/font><\/td><\/tr><tr><td><font face=\"Arial\">1981<\/font><\/td><td><strong>September: <\/strong>Erstes Oktoberfest in der Turn- und Festhalle (seitdem in der Regel j\u00e4hrliche Durchf\u00fchrung)<\/td><\/tr><tr><td><font face=\"Arial\">1980<\/font><\/td><td><font face=\"Arial\">Beteiligung an der 1200-Jahrfeier der Gemeinde H\u00f6rdt und Ausbau eines weiteren Kellerraums des \u201eAlten Schulhauses\u201c zum Proberaum; somit ist ein ausreichend gro\u00dfes Vereinsheim geschaffen<\/font><\/td><\/tr><tr><td><font face=\"Arial\">1978<\/font><\/td><td><strong>Juni:<\/strong> 25. Geburtstag des Musikvereins \u201eHarmonie\u201c<\/td><\/tr><tr><td><font face=\"Arial\">1974<\/font><\/td><td><font face=\"Arial\">Ausbau des ehemaligen Kohlekellers des Schulhauses zum Proberaum<\/font><\/td><\/tr><tr><td><font face=\"Arial\">1973<\/font><\/td><td><strong>August: <\/strong>Mitgestaltung der Rundfunksendung \u201eKlang und Sang in Stadt und Land\u201c des S\u00fcddeutschen Rundfunks<\/td><\/tr><tr><td><font face=\"Arial\">1973<\/font><\/td><td><strong>Mai: <\/strong>Erstmalige Teilnahme bei einem Wertungsspiel beim Verbandsmusikfest in Weingarten\/ Baden<\/td><\/tr><tr><td><font face=\"Arial\">1966<\/font><\/td><td><strong>M\u00e4rz: <\/strong>Durchf\u00fchrung des ersten Konzertes in der Schulturnhalle<\/td><\/tr><tr><td><font face=\"Arial\">1963<\/font><\/td><td><strong>Juni:<\/strong> 75-j\u00e4hriges Bestehen der Musikkapelle und Ausrichtung des Bezirksmusikfestes<\/td><\/tr><tr><td><font face=\"Arial\">1957<\/font><\/td><td><strong>August: <\/strong>Oskar H\u00e4nlein \u00fcbernimmt die Leitung der Musikkapelle und formt diese in den kommenden Jahrzehnten zum sinfonischen Blasorchester<\/td><\/tr><tr><td><font face=\"Arial\">1954<\/font><\/td><td><strong>August: <\/strong>Gr\u00fcndungsfest des Musikvereins<\/td><\/tr><tr><td><font face=\"Arial\">1953<\/font><\/td><td><strong>15. M\u00e4rz: <\/strong>Gr\u00fcndungsversammlung des Musikvereins \u201eHarmonie\u201c e. V. im Gasthaus \u201eZum Karpfen\u201c<\/td><\/tr><tr><td><font face=\"Arial\">1949<\/font><\/td><td><font face=\"Arial\">Die Musikkapelle feiert ihr 60-j\u00e4hriges Bestehen in der Pfarrheimbaracke<\/font><\/td><\/tr><tr><td><font face=\"Arial\">1928<\/font><\/td><td><font face=\"Arial\">Anschluss der Kapelle an die H\u00f6rdter Feuerwehr<\/font><\/td><\/tr><tr><td><font face=\"Arial\">1905<\/font><\/td><td><font face=\"Arial\">Franz Becht \u00fcbernimmt die Kapelle von seinem Vater Anton; das kleine Orchester stellt sich neben Streichmusik auch auf Blasmusik ein<\/font><\/td><\/tr><tr><td><font face=\"Arial\">1893<\/font><\/td><td><font face=\"Arial\">Anton Becht wird Dirigent der Formation<\/font><\/td><\/tr><tr><td><font face=\"Arial\">1889<\/font><\/td><td><font face=\"Arial\">Gr\u00fcndung eines kleinen Streichorchesters durch den Volksschullehrer Heinich Bregel,  die Musikkapelle H\u00f6rdt ist geboren<\/font><\/td><\/tr><\/tbody><\/table><\/figure>\n","protected":false},"excerpt":{"rendered":"<p>Festschrift 2014 \u2013 125 Jahre Musikkapelle Unsere Chronik in Stichworten 2020 Juni: Die Probearbeit des Orchesters, der JuKa und der Sch\u00fcKa wird \u201eOpen-Air\u201c mit Hygieneregeln wieder aufgenommen M\u00e4rz: Beginn einer Zwangspause bei s\u00e4mtlichen Vereinsaktivit\u00e4ten aufgrund der Corona-Pandemie; Muttertagskonzert und Augustinerfest m\u00fcssen abgesagt werden 2019 Dezember: Erster musikalischer Adventskalender des MVH in Verbindung mit der Einrichtung &hellip; <\/p>\n<p class=\"link-more\"><a href=\"https:\/\/mv-hoerdt.de\/?page_id=578\" class=\"more-link\"><span class=\"screen-reader-text\">\u201eChronik\u201c <\/span>weiterlesen<\/a><\/p>\n","protected":false},"author":2,"featured_media":0,"parent":0,"menu_order":0,"comment_status":"closed","ping_status":"closed","template":"","meta":{"footnotes":""},"class_list":["post-578","page","type-page","status-publish","hentry"],"_links":{"self":[{"href":"https:\/\/mv-hoerdt.de\/index.php?rest_route=\/wp\/v2\/pages\/578","targetHints":{"allow":["GET"]}}],"collection":[{"href":"https:\/\/mv-hoerdt.de\/index.php?rest_route=\/wp\/v2\/pages"}],"about":[{"href":"https:\/\/mv-hoerdt.de\/index.php?rest_route=\/wp\/v2\/types\/page"}],"author":[{"embeddable":true,"href":"https:\/\/mv-hoerdt.de\/index.php?rest_route=\/wp\/v2\/users\/2"}],"replies":[{"embeddable":true,"href":"https:\/\/mv-hoerdt.de\/index.php?rest_route=%2Fwp%2Fv2%2Fcomments&post=578"}],"version-history":[{"count":30,"href":"https:\/\/mv-hoerdt.de\/index.php?rest_route=\/wp\/v2\/pages\/578\/revisions"}],"predecessor-version":[{"id":1116,"href":"https:\/\/mv-hoerdt.de\/index.php?rest_route=\/wp\/v2\/pages\/578\/revisions\/1116"}],"wp:attachment":[{"href":"https:\/\/mv-hoerdt.de\/index.php?rest_route=%2Fwp%2Fv2%2Fmedia&parent=578"}],"curies":[{"name":"wp","href":"https:\/\/api.w.org\/{rel}","templated":true}]}}